{"id":81,"date":"2012-02-06T23:08:14","date_gmt":"2012-02-06T23:08:14","guid":{"rendered":"http:\/\/salesianosatocha.es\/orientacion\/?page_id=81"},"modified":"2012-09-19T18:15:26","modified_gmt":"2012-09-19T18:15:26","slug":"organigrama","status":"publish","type":"page","link":"https:\/\/salesianosatocha.es\/orientacion\/organigrama\/","title":{"rendered":"Organigrama"},"content":{"rendered":"<h1><\/h1>\n<h1>\u00d3RGANOS DE GOBIERNO Y GESTI\u00d3N<\/h1>\n<p>&nbsp;<\/p>\n<p>&nbsp;<\/p>\n<h2>1. \u00d3RGANOS UNIPERSONALES DE GOBIERNO<\/h2>\n<div class='one_half'>\n\t\t\t\t\t<ul>\n<li>Director General<\/li>\n<li>Director Pedag\u00f3gico (ESO)<\/li>\n<li>Director Pedag\u00f3gico (EI-EP)<\/li>\n<li>Director Pedag\u00f3gico de FPE<\/li>\n<li>Directora Pedag\u00f3gica de Bachillerato<\/li>\n<\/ul>\n\t\t\t\t<\/div><div class='one_half et_column_last'>\n\t\t\t\t\t<ul>\n<li>D. Manuel Aparicio S\u00e1nchez<\/li>\n<li>D. Te\u00f3filo Oreja Dom\u00ednguez<\/li>\n<li>D. Juan Manuel Gonz\u00e1lez Serrano<\/li>\n<li>D. Mariano Garrido Garc\u00eda<\/li>\n<li>D\u00aa Ana Isabel Sanz March\u00e1n<\/li>\n<\/ul>\n\t\t\t\t<\/div><div class='clear'><\/div><\/p>\n<h2>2. \u00d3RGANOS UNIPERSONALES DE GESTI\u00d3N<\/h2>\n<div class='one_half'>\n\t\t\t\t\t<ul>\n<li>Administrador<\/li>\n<li>Secretar\u00eda General<\/li>\n<li>Coordinadora de Pastoral (EI y EP)<\/li>\n<li>Coordinadora de Pastoral (EI)<\/li>\n<li>Coordinador de Pastoral de Bachillerato<\/li>\n<li>Coordinadora Pastoral (ESO) 1\u00ba Ciclo<\/li>\n<li>Coordinador Pastoral (ESO) 2\u00ba Ciclo<\/li>\n<li>Coordinador de Pastoral de FPE<\/li>\n<li>Coordinadora de Pastoral de PCPI<\/li>\n<\/ul>\n\t\t\t\t<\/div>\n<div class='one_half et_column_last'>\n\t\t\t\t\t<ul>\n<li>D. Faustino Mart\u00edn D\u00edaz<\/li>\n<li>D\u00f1a. Blanca S\u00e1nchez Dom\u00e9nech<\/li>\n<li>D\u00f1a.Vanesa Cabero P\u00e9rez<\/li>\n<li>D\u00f1a. Idoya Lama L\u00f3pezo<\/li>\n<li>D. Santiago Garc\u00eda Mourelo<\/li>\n<li>D\u00f1a. M\u00aa Luisa Rodr\u00edguez Jim\u00e9nez<\/li>\n<li>D. David Marug\u00e1n Rivera<\/li>\n<li>D. Juan Ignacio Herr\u00e1iz Serrano<\/li>\n<li>D\u00f1a. Bel\u00e9n Mart\u00edn Raboso<\/li>\n<\/ul>\n\t\t\t\t<\/div><div class='clear'><\/div>\n<h3>Coordinadores<\/h3>\n<div class='one_half'>\n\t\t\t\t\t<ul>\n<li>E. Infantil:<\/li>\n<li>1\u00ba ciclo (EP):<\/li>\n<li>2\u00ba ciclo (EP):<\/li>\n<li>3\u00ba ciclo (EP):<\/li>\n<li>Idiomas (EP):<\/li>\n<li>1\u00ba ciclo (ESO):<\/li>\n<li>2\u00ba ciclo (ESO):<\/li>\n<li>CFG:<\/li>\n<li>CFGM:<\/li>\n<li>PCPI\/ACES:<\/li>\n<\/ul>\n\t\t\t\t<\/div><div class='one_half et_column_last'>\n\t\t\t\t\t<ul>\n<li>D\u00f1a. Pilar Barahona Arribas<\/li>\n<li>D Pablo Garc\u00eda Arg\u00fcello<\/li>\n<li>D Jos\u00e9 Mar\u00eda Moreno<\/li>\n<li>D. Bernab\u00e9 Mart\u00edn P\u00e9rez<\/li>\n<li>D\u00f1a. Isabel Castro Arellano<\/li>\n<li>D. Antonio Orol Gonz\u00e1lez<\/li>\n<li>D\u00f1a. Teresa Castell\u00f3n Mart\u00ednez<\/li>\n<li>D. Isidro Conde Hern\u00e1ndez<\/li>\n<li>D. Pablo Pedro Hernaz Goas<\/li>\n<li>D. Francisco Javier L\u00f3pez Tarifa<\/li>\n<\/ul>\n\t\t\t\t<\/div><div class='clear'><\/div><\/p>\n<h3>Departamento de Orientaci\u00f3n<\/h3>\n<div class='one_half'>\n\t\t\t\t\t<ul>\n<li>E. Infantil:<\/li>\n<li>E. Primaria:<\/li>\n<li>ESO:<\/li>\n<li>Bachillerato:<\/li>\n<li>FPE:<\/li>\n<li>PCPI:<\/li>\n<\/ul>\n\t\t\t\t<\/div><div class='one_half et_column_last'>\n\t\t\t\t\t<ul>\n<li>D\u00f1a. Idoya Lama L\u00f3pez<\/li>\n<li>D\u00f1a. M\u00aa Dolores Bueno Sierra<\/li>\n<li>D\u00f1a. Mar\u00eda Alarc\u00f3n Alarc\u00f3n<\/li>\n<li>D\u00f1a. Pilar Garc\u00eda Fern\u00e1ndez<\/li>\n<li>D. Aurelio Su\u00e1rez Fern\u00e1ndez<\/li>\n<li>D\u00f1a. Bel\u00e9n Mart\u00edn Raboso<\/li>\n<\/ul>\n\t\t\t\t<\/div><div class='clear'><\/div><\/p>\n<h2>3. \u00d3RGANOS COLEGIADOS<\/h2>\n<p>&nbsp;<\/p>\n<h3>CONSEJO ESCOLAR DE LA COMUNIDAD EDUCATIVA<\/h3>\n<p>Director Pedag\u00f3gico de FP D. Mariano Garrido Garc\u00eda<br \/>\nDirector Pedag\u00f3gico de ESO D. Te\u00f3filo Oreja Dom\u00ednguez<br \/>\nDirector Pedag\u00f3gico de EI y EP D. Juan Manuel Gonz\u00e1lez Serrano<\/p>\n<h4>Representantes del Titular.<\/h4>\n<p style=\"padding-left: 30px;\">D. Manuel Aparicio S\u00e1nchez<br \/>\nD. Faustino Mart\u00edn D\u00edaz<br \/>\nD. Bernardino Rodr\u00edguez Ara\u00fajo<\/p>\n<h4>Representantes de Profesores.<\/h4>\n<p style=\"padding-left: 30px;\">D\u00aa Vanesa Cabero P\u00e9rez<br \/>\nD. Jos\u00e9 Luis Camacho Moreno<br \/>\nD. Mario Carlos Fern\u00e1ndez Mart\u00edn<br \/>\nD. Cruz Javier Rodr\u00edguez Acevedo<\/p>\n<h4>Representantes de padres.<\/h4>\n<p style=\"padding-left: 30px;\">D\u00aa Mar\u00eda de los \u00c1ngeles Cabeza Cerrato<br \/>\nD. Crist\u00f3bal Cuevas Barquero<br \/>\nD. Javier Poza Baquero<br \/>\nD. Juan Pedro Yunta Manzanares<\/p>\n<h4>Representantes de alumnos.<\/h4>\n<p style=\"padding-left: 30px;\">D\u00aa Elena Castej\u00f3n Gal\u00e1n<br \/>\nD. Jos\u00e9 Manuel Moreno<\/p>\n<h4>Representante del Personal de A.S.<\/h4>\n<p style=\"padding-left: 30px;\">D\u00f1a. Inmaculada Mora Pascual-Muerte<\/p>\n<h4>Secretario:<\/h4>\n<p style=\"padding-left: 30px;\">D. Cruz Javier Rodr\u00edguez Acevedo<\/p>\n<p>&nbsp;<\/p>\n<p>&nbsp;<\/p>\n<h3>EQUIPO DIRECTIVO<\/h3>\n<div class='one_half'>\n\t\t\t\t\t<ul>\n<li>Director General<\/li>\n<li>Administrador<\/li>\n<li>Director Pedag\u00f3gico de FP<\/li>\n<li>Director Pedag\u00f3gico de Bachillerato<\/li>\n<li>Director Pedag\u00f3gico de ESO<\/li>\n<li>Director Pedag\u00f3gico de EP<\/li>\n<li>Coordinador de Pastoral del Centro<\/li>\n<li>Coordinador de Pastoral de FPE<\/li>\n<li>Coordinadora de Pastoral ESO 1\u00ba Ciclo<\/li>\n<li>Coordinador de Pastoral ESO 2\u00ba Ciclo<\/li>\n<li>Coordinador de Pastoral de EP<\/li>\n<li>Coordinadora de Pastoral de EI<\/li>\n<li>Coordinadora de Pastoral de PCPI<\/li>\n<li>Coordinador de PCPI\/ACEs<\/li>\n<li>Coordinador Pedag\u00f3gico de ESO<\/li>\n<li>Coordinador Pedag\u00f3gico de CFGS<\/li>\n<li>Coordinadora Pedag\u00f3gica de EI\n\t\t\t\t<\/div><\/li>\n<\/ul>\n<div class='one_half et_column_last'>\n\t\t\t\t\t<ul>\n<li>D.Manuel Aparicio S\u00e1nchez<\/li>\n<li>D. Faustino Mart\u00edn D\u00edaz<\/li>\n<li>D. Mariano Garrido Garc\u00eda<\/li>\n<li>D\u00aa Ana Isabel Sanz March\u00e1n<\/li>\n<li>D. Te\u00f3filo Oreja Dom\u00ednguez<\/li>\n<li>D. Juan Manuel Gonz\u00e1lez Serrano<\/li>\n<li>D. Santiago Garc\u00eda Mourelo<\/li>\n<li>D. Juan Ignacio Herr\u00e1iz Serrano<\/li>\n<li>D\u00f1a. M\u00aa Luisa Rodr\u00edguez Jim\u00e9nez<\/li>\n<li>D. David Marug\u00e1n Rivera<\/li>\n<li>D\u00aa Vanesa Cabero P\u00e9rez<\/li>\n<li>D\u00aa Idoya Lama L\u00f3pez<\/li>\n<li>D\u00aa Bel\u00e9n Mart\u00edn Raboso<\/li>\n<li>D. Javier L\u00f3pez Tarifa<\/li>\n<li>D. Antonio Orol Gonz\u00e1lez<\/li>\n<li>D. Isidro Conde Hern\u00e1ndez<\/li>\n<li>D\u00f1a. Pilar Barahona Arribas\n\t\t\t\t<\/div><div class='clear'><\/div><\/li>\n<\/ul>\n<h3>COMIT\u00c9 EJECUTIVO<\/h3>\n<div class='one_half'>\n\t\t\t\t\t<ul>\n<li>Director General<\/li>\n<li>Administrador<\/li>\n<li>Director Pedag\u00f3gico de FP<\/li>\n<li>Director Pedag\u00f3gico de Bachillerato<\/li>\n<li>Director Pedag\u00f3gico de ESO<\/li>\n<li>Director Pedag\u00f3gico de EP<\/li>\n<\/ul>\n\t\t\t\t<\/div><div class='one_half et_column_last'>\n\t\t\t\t\t<ul>\n<li>D. Manuel Aparicio S\u00e1nchez<\/li>\n<li>D. Faustino Mart\u00edn D\u00edaz<\/li>\n<li>D. Mariano Garrido Garc\u00eda<\/li>\n<li>D\u00aa Ana Isabel Sanz March\u00e1n<\/li>\n<li>D. Te\u00f3filo Oreja Dom\u00ednguez<\/li>\n<li>D. Juan Manuel Gonz\u00e1lez Serrano\n\t\t\t\t<\/div><div class='clear'><\/div><\/li>\n<\/ul>\n<p>&nbsp;<\/p>\n<h3>CLAUSTRO DE PROFESORES<\/h3>\n<p>&nbsp;<\/p>\n<h3>Infantil<\/h3>\n<ul>\n<li>1\u00baA D\u00f1a. Pilar Barahona<\/li>\n<li>1\u00baB D\u00f1a. Mar\u00eda Teresa Larrarte<\/li>\n<li>1\u00baC D\u00f1a. Mar\u00eda Teresa Marcos de la Cruz<\/li>\n<li>2\u00baA D\u00f1a. Nuria Terol<\/li>\n<li>2\u00baB D\u00f1a. Mar\u00eda \u00c1ngeles Moreno Llorente<\/li>\n<li>2\u00baC D\u00f1a. Tania del Busto<\/li>\n<li>3\u00baA D\u00f1a. D\u00f1a. Carolina Segura<\/li>\n<li>3\u00baB D\u00f1a. Dolores Rold\u00e1n<\/li>\n<li>3\u00baC D\u00f1a. Cristina Delgado<\/li>\n<\/ul>\n<p><strong>Integraci\u00f3n <\/strong><\/p>\n<p style=\"padding-left: 30px;\">D\u00aa Irene L\u00f3pez Gallardo<br \/>\nD\u00aa Amparo Esteban Rubio<\/p>\n<p><strong>Profesora Ingl\u00e9s<\/strong><\/p>\n<p style=\"padding-left: 30px;\">D\u00f1a. Blanca Cristina Molina<\/p>\n<p>&nbsp;<\/p>\n<h3>Educaci\u00f3n Primaria<\/h3>\n<ul>\n<li>1\u00baA D\u00f1a. Carmen Zaragoza<\/li>\n<li>1\u00baB D Rafael \u00c1lvarez Escanciano<\/li>\n<li>1\u00baC D. Ib\u00e1n Useros Revesado<\/li>\n<li>2\u00baA D\u00f1a Mar\u00eda del Mar Medina Santib\u00e1\u00f1ez (D\u00f1a F\u00e1tima Morales)<\/li>\n<li>2\u00baB D. Carlos Mart\u00edn Canales<\/li>\n<li>2\u00baC D. Pablo Garc\u00eda Arg\u00fcello<\/li>\n<li>3\u00baA D. Jos\u00e9 Mar\u00eda Moreno<\/li>\n<li>3\u00baB D\u00f1a. Vanesa Cabero<\/li>\n<li>3\u00baC D. Domingo Nieto Rodr\u00edguez<\/li>\n<li>4\u00baA D\u00f1a Isabel Laria Hern\u00e1ndez<\/li>\n<li>4\u00baB D. Isaac Barroso S\u00e1nchez<\/li>\n<li>4\u00baC D\u00f1a Henar Cubillo<\/li>\n<li>5\u00baA D. Bernab\u00e9 Mart\u00edn P\u00e9rez<\/li>\n<li>5\u00baB D\u00f1a Aida Hern\u00e1ndez Acebo<\/li>\n<li>5\u00baC D. Mario Carlos Fern\u00e1ndez<\/li>\n<li>6\u00baA D\u00f1a Raquel Navas Pascual<\/li>\n<li>6\u00baB D\u00f1a Vanesa Ros Gonz\u00e1lez<\/li>\n<li>6\u00baC D\u00f1a Gema Cerezo Puyol<\/li>\n<li>6\u00ba D D\u00f1a Blanca Valverde<\/li>\n<\/ul>\n<p><strong>Integraci\u00f3n<\/strong><\/p>\n<p style=\"padding-left: 30px;\">D\u00f1a M\u00f3nica Ruenes<br \/>\nD\u00f1a Pilar Prado Ram\u00edrez<\/p>\n<p><strong>Profesores:<\/strong><\/p>\n<ul>\n<li>D. Fernando Sanz Valero<\/li>\n<li>D, Fernando Culebras Molina<\/li>\n<li>D\u00f1a Concepci\u00f3n Tarifa \u00c1lvarez<\/li>\n<li>D\u00f1a Ana Ceballos Losa<\/li>\n<li>D\u00f1a Isabel Castro Arellano<\/li>\n<li>D\u00f1a. Laura Pa\u00edno D\u00edaz<\/li>\n<li>Bernardino Rodr\u00edguez Araujo<\/li>\n<\/ul>\n<p>Los <strong>d\u00edas de visitas y entrevistas personale<\/strong>s ser\u00e1n comunicadas a los alumnos a principio de curso<br \/>\n<strong>Reuniones del claustro<\/strong>: 3 y 28 de Septiembre, 14 de Noviembre, 24 de Marzo, , 28 de Junio<br \/>\n<strong>Reuniones de ciclo<\/strong>: Mi\u00e9rcoles de 17 a 18,30 horas<\/p>\n<p>&nbsp;<\/p>\n<h3><strong>ESO<\/strong><\/h3>\n<ul>\n<li>D\u00aa Mar\u00eda Alarc\u00f3n Alarc\u00f3n<\/li>\n<li>D\u00aa Silvia Alonso Mart\u00ednez<\/li>\n<li>D. Manuel Aparicio S\u00e1nchez<\/li>\n<li>D\u00aa Pilar Ballesteros Lorenzana<\/li>\n<li>D. Juan Luis Bengoa Garc\u00eda<\/li>\n<li>D\u00aa Ana Isabel Berrendo Cabrejas<\/li>\n<li>D\u00aa Teresa Castell\u00f3n Mart\u00ednez<\/li>\n<li>D. Corina Cora Cornelia<\/li>\n<li>D. F\u00e9lix Delgado Planas<\/li>\n<li>D\u00aa Asunci\u00f3n Fern\u00e1ndez Acosta<\/li>\n<li>D\u00aa Irene Fern\u00e1ndez Caro<\/li>\n<li>D\u00aa Hermila Galindo S\u00e1nchez<\/li>\n<li>D\u00aa Noem\u00ed Gallego Herrera<\/li>\n<li>D\u00aa Consuelo Garc\u00eda Arranz<\/li>\n<li>D. Jes\u00fas Garc\u00eda Gonz\u00e1lez<\/li>\n<li>D. Santiago Garc\u00eda Mourelo<\/li>\n<li>D. David Garea Carballedo<\/li>\n<li>D\u00aa Gema Gil Vidal<\/li>\n<li>D. Juli\u00e1n G\u00f3mez Mart\u00edn<\/li>\n<li>D\u00aa Marina Gude Garc\u00eda-Cano<\/li>\n<li>D. Luis Fernando Izquierdo Bravo<\/li>\n<li>D. Ra\u00fal Jim\u00e9nez Mart\u00edn<\/li>\n<li>D. Axel Malhou Enge<\/li>\n<li>D. David Marug\u00e1n Rivera<\/li>\n<li>D. Te\u00f3filo Oreja Dom\u00ednguez<\/li>\n<li>D. Antonio Orol Gonz\u00e1lez<\/li>\n<li>D. \u00c1lvaro P\u00e9rez D\u00edez<\/li>\n<li>D. Andr\u00e9s Ramos Rodr\u00edguez<\/li>\n<li>D. Cruz Javier Rodr\u00edguez Acevedo<\/li>\n<li>D\u00aa Eulalia Rivero Mart\u00ednez<\/li>\n<li>D\u00aa Dolores Ruiz Serrano<\/li>\n<li>D\u00aa Miren Maite Rodr\u00edguez G\u00f3mez<\/li>\n<li>D\u00aa M\u00aa Luisa Rodr\u00edguez Jim\u00e9nez<\/li>\n<li>D\u00aa Raquel Rueda Granda<\/li>\n<li>D. Luis Uriarte Gonz\u00e1lez<\/li>\n<li>D. Alberto Velasco Rozada<\/li>\n<\/ul>\n<h3>Bachillerato<\/h3>\n<ul>\n<li>D. Francisco \u00c1lvarez Jim\u00e9nez<\/li>\n<li>D\u00aa Ana Esther Amelivia And\u00e9rica<\/li>\n<li>D. Manuel Aparicio S\u00e1nchez<\/li>\n<li>D\u00aa Pilar Ballesteros Lorenzana<\/li>\n<li>D\u00aa Marta Cesteros Yag\u00fce<\/li>\n<li>D\u00aa Silvia Docampo Capilla<\/li>\n<li>D\u00aa Pilar Garc\u00eda Fern\u00e1ndez<\/li>\n<li>D\u00aa Mar\u00eda del Rosario Fern\u00e1ndez Aguirre<\/li>\n<li>D. David Garea Carballedo<\/li>\n<li>D. Jorge G\u00f3mez Garc\u00eda<\/li>\n<li>D\u00aa Marina Gude Garc\u00eda-Cano<\/li>\n<li>D. Francisco Hern\u00e1ndez D\u00edaz<\/li>\n<li>D\u00aa Julia Junquera S\u00e1iz<\/li>\n<li>D. Axel Mahlau Enge<\/li>\n<li>D\u00aa Marta Montero Baeza<\/li>\n<li>D. Manuel Moratinos D\u00edaz<\/li>\n<li>D. Santiago Garc\u00eda Mourelo<\/li>\n<li>D. Anselmo P\u00e9rez Blanco<\/li>\n<li>D. Juan Carlos P\u00e9rez Gangoso<\/li>\n<li>D. Antonio P\u00e9rez Vera<\/li>\n<li>D. Bernardino Rodr\u00edguez P\u00e9rez<\/li>\n<li>D. Manuel Rom\u00e1n Cotrina<\/li>\n<li>D\u00aa Ana Isabel Sanz March\u00e1n<\/li>\n<li>D\u00aa Bego\u00f1a Toral Rodr\u00edguez<\/li>\n<\/ul>\n<p>&nbsp;<\/p>\n<h3>Formaci\u00f3n Profesional<\/h3>\n<ul>\n<li>D. Jes\u00fas Alonso Barriuso<\/li>\n<li>D\u00aa Ana Esther Amelivia And\u00e9rica<\/li>\n<li>D. Teodulio Ampuero Mart\u00edn<\/li>\n<li>D. Jos\u00e9 Luis Aparicio Monedero<\/li>\n<li>D. Samuel Arranz de Andr\u00e9s<\/li>\n<li>D. Jos\u00e9 Carlos Bueno Sanz<\/li>\n<li>D. Antonio Jes\u00fas Camacho Moreno<\/li>\n<li>D. Jos\u00e9 Luis Camacho Moreno<\/li>\n<li>D. Jos\u00e9 Antonio Carrera Ortega<\/li>\n<li>D. Jos\u00e9 Luis Cerrada Garc\u00eda<\/li>\n<li>D. Isidro Conde Hern\u00e1ndez<\/li>\n<li>D. Carlos Contreras Herrera<\/li>\n<li>D. Jos\u00e9 Luis Esquivias L\u00f3pez<\/li>\n<li>D. Ignacio Fern\u00e1ndez Perea<\/li>\n<li>D. Juan Gallardo Crespo<\/li>\n<li>D. Jes\u00fas Manuel Garc\u00eda Alonso<\/li>\n<li>D. Luis Gabriel Garc\u00eda Arcos<\/li>\n<li>D. Jes\u00fas Garc\u00eda Jim\u00e9nez<\/li>\n<li>D. Luis Miguel Garc\u00eda Pinilla<\/li>\n<li>D. Ra\u00fal Garc\u00eda Montalbo<\/li>\n<li>D\u00aa Ana Garc\u00eda Zafra<\/li>\n<li>D. Mariano Garrido Garc\u00eda<\/li>\n<li>D. Emilio Gonz\u00e1lez de la Fuente<\/li>\n<li>D. Francisco Javier Guti\u00e9rrez Cruz<\/li>\n<li>D. Pablo Pedro Hernanz Goas<\/li>\n<li>D. Juan Ignacio Herraiz Serrano<\/li>\n<li>D\u00aa Eva Mar\u00eda Mart\u00ednez Fern\u00e1ndez<\/li>\n<li>D. Jos\u00e9 Mar\u00eda Mart\u00ednez Mart\u00ednez<\/li>\n<li>D\u00aa Esther Mart\u00ednez Parra<\/li>\n<li>D. Carlos Mar\u00eda Mart\u00ednez Rodr\u00edguez<\/li>\n<li>D. Luis Mar\u00eda Mart\u00ednez Rodr\u00edguez<\/li>\n<li>D\u00aa Roc\u00edo Monroy Miguel<\/li>\n<li>D. Miguel \u00c1ngel Navas Garc\u00eda<\/li>\n<li>D. Tom\u00e1s Pascual G\u00f3mez<\/li>\n<li>D\u00aa M\u00aa Teresa Perea S\u00e1nchez<\/li>\n<li>D. Manuel H. Perezagua L\u00f3pez<\/li>\n<li>D. Jose Antonio Pesta\u00f1a Castro<\/li>\n<li>D. Jos\u00e9 Manuel Prieto Gordo<\/li>\n<li>D. Emilio Redondo Campos<\/li>\n<li>D. Jorge R\u00f3denas Garc\u00eda<\/li>\n<li>D. Juan Manuel Rodr\u00edguez Arnanz<\/li>\n<li>D. Fernando Luis Rodr\u00edguez Fern\u00e1ndez<\/li>\n<li>D. Luis Rubio Villalba<\/li>\n<li>D\u00aa Mercedes S\u00e1nchez Pell\u00f3n<\/li>\n<li>D. Francisco Javier Sanz Ram\u00edrez<\/li>\n<li>D. Enrique Soriano Heras<\/li>\n<li>D. Aurelio Su\u00e1rez Fern\u00e1ndez<\/li>\n<li>D. Juli\u00e1n Teba Mart\u00ed<\/li>\n<li>D. Lorenzo Torres Cuadrado<\/li>\n<li>D. Miguel \u00c1ngel Vega Cogorro<\/li>\n<li>D. Francisco Javier Zapata Garc\u00eda<\/li>\n<\/ul>\n<p>&nbsp;<\/p>\n<h3>PCPI-ACEs<\/h3>\n<ul>\n<li>D\u00aa Carolina G\u00f3mez de la Fuente<\/li>\n<li>D\u00aa Raquel Guede Coello<\/li>\n<li>D\u00aa Mar\u00eda Jim\u00e9nez Rom\u00e1n<\/li>\n<li>D. Ignacio Lar\u00eda Hern\u00e1ndez<\/li>\n<li>D. Francisco Javier L\u00f3pez Tarifa<\/li>\n<li>D. Fernando Mart\u00edn Forero Ortega<\/li>\n<li>D\u00aa Bel\u00e9n Mart\u00edn Raboso<\/li>\n<li>D. Esteban Miranda Camaz\u00f3n<\/li>\n<li>D\u00aa Lidia Riveiro S\u00e1nchez<\/li>\n<li>D\u00aa Ana Rodrigo Molina<\/li>\n<li>D. V\u00edctor Manuel Rodr\u00edguez Mart\u00ednez<\/li>\n<li>D. Jorge Serena de Olano<\/li>\n<li>D\u00aa Patricia Yag\u00fce Fr\u00edas<\/li>\n<\/ul>\n<p>&nbsp;<\/p>\n<p>&nbsp;<\/p>\n<h3>EQUIPO COORDINADOR DEL SISTEMA DE GESTI\u00d3N DE CALIDAD:<\/h3>\n<div class='one_half'>\n\t\t\t\t\t<ul>\n<li>Director General<\/li>\n<li>RAC<\/li>\n<li>RAC &#8211; E. Infantil y E. Primaria<\/li>\n<li>RAC &#8211; ESO<\/li>\n<li>RAC \u2013 FPE<\/li>\n<li>RAC \u2013 Bachillerato<\/li>\n<li>RAC \u2013 FPO y FPC<\/li>\n<li>Delegados EI-EP, ESO, BACH, FP<\/li>\n<\/ul>\n<p>&nbsp;<\/p>\n\t\t\t\t<\/div><div class='one_half et_column_last'>\n\t\t\t\t\t<ul>\n<li>D. Manuel Aparicio S\u00e1nchez<\/li>\n<li>D. Mercedes Marug\u00e1n Rivera<\/li>\n<li>D. Juan Manuel Gonz\u00e1lez Serrano<\/li>\n<li>D. Te\u00f3filo Oreja Dom\u00ednguez<\/li>\n<li>D\u00aa Ana Isabel Sanz March\u00e1n<\/li>\n<li>D. Mariano Garrido Garc\u00eda<\/li>\n<li>D. Jes\u00fas Garc\u00eda Jim\u00e9nez<\/li>\n<li>D\u00f1a. M\u00aa Teresa Marcos de la Cruz<\/li>\n<li>D\u00f1a. M\u00aa Teresa Castell\u00f3n Mart\u00ednez<\/li>\n<li>D\u00aa Pilar Garc\u00eda Fern\u00e1ndez<\/li>\n<li>D. Jorge R\u00f3denas Garc\u00eda<\/li>\n<\/ul>\n\t\t\t\t<\/div><div class='clear'><\/div><\/p>\n<p>&nbsp;<\/p>\n<h2>4. ASOCIACIONES<\/h2>\n<p>&nbsp;<\/p>\n<ul>\n<li>Asociaci\u00f3n de Padres y Madres de Alumnos<\/li>\n<\/ul>\n<p style=\"padding-left: 60px;\">Presidenta: D\u00f1a. Charo Espada Morales<\/p>\n<ul>\n<li>Asociaci\u00f3n de Antiguos Alumnos<\/li>\n<\/ul>\n<div style=\"padding-left: 60px;\">Presidente: D. David de Diego Rodr\u00edguez<\/div>\n<div style=\"padding-left: 60px;\">Cosiliario: D. Jos\u00e9 Antonio L\u00f3pez-Manzanares Bonnail<\/div>\n<p>&nbsp;<\/p>\n<h2>5. ADMINISTRACI\u00d3N Y SERVICIOS<\/h2>\n<h3>ADMINISTRACI\u00d3N:<\/h3>\n<ul>\n<li>D\u00aa Concepci\u00f3n Garc\u00eda Arcos<\/li>\n<li>D\u00aa Inmaculada Mora Pascual-Muerte<\/li>\n<li>D. Jorge P\u00e9rez Pardo<\/li>\n<li>D\u00aa Mercedes Marug\u00e1n Rivera (RAC, P. Datos)<\/li>\n<\/ul>\n<h3>SECRETAR\u00cdA GENERAL:<\/h3>\n<ul>\n<li>D\u00aa Blanca N. S\u00e1nchez Dom\u00e9nech<\/li>\n<li>D\u00aa Mar\u00eda Jos\u00e9 D\u00edez Boldo<\/li>\n<li>D. Rafael Carlos Balb\u00e1s Lucio<\/li>\n<\/ul>\n<div>\n<h3>SECRETAR\u00cdA \u00a0DE CURSOS (SFCO):<\/h3>\n<ul>\n<li>D. F\u00e9liz Ortega P\u00e9rez<\/li>\n<li>D\u00aa Leticia Gonz\u00e1lez Rivas<\/li>\n<\/ul>\n<h3>MENSAJER\u00cdA:<\/h3>\n<ul>\n<li>D. Fidel Montes Santos<\/li>\n<li>D. Jes\u00fas Rodr\u00edguez Fern\u00e1ndez<\/li>\n<\/ul>\n<\/div>\n<h3>RECEPCI\u00d3N:<\/h3>\n<ul>\n<li>Empresa IRIS<\/li>\n<\/ul>\n<h3>ALMAC\u00c9N (Electr\u00f3nica):<\/h3>\n<ul>\n<li>D. Manuel Luna Bl\u00e1zquez<\/li>\n<\/ul>\n<h3>MANTENIMIENTO:<\/h3>\n<ul>\n<li>D. Jos\u00e9 Mar\u00eda Camacho Hidalgo<\/li>\n<li>D. Jorge Garrido Pasero<\/li>\n<li>D. Jes\u00fas Vah\u00edllo Jim\u00e9nez<\/li>\n<li>D. Fernando Salom\u00f3n Aranda<\/li>\n<\/ul>\n<h3>BIBLIOTECA:<\/h3>\n<ul>\n<li>D\u00aa Elena Barrero Pr\u00edncipe<\/li>\n<li>D\u00aa Laura Iglesias Esteban<\/li>\n<\/ul>\n<p>&nbsp;<\/p>\n<p><strong>Plataforma Educativa Integral:<\/strong><\/p>\n<p style=\"padding-left: 30px;\">Permite obtener informaci\u00f3n en la relaci\u00f3n colegio-familia en:<br \/>\nwww.salesianosatocha.es\/empresa y www.educamos.com<\/p>\n","protected":false},"excerpt":{"rendered":"<p>\u00d3RGANOS DE GOBIERNO Y GESTI\u00d3N &nbsp; &nbsp; 1. \u00d3RGANOS UNIPERSONALES DE GOBIERNO 2. \u00d3RGANOS UNIPERSONALES DE GESTI\u00d3N Coordinadores Departamento de Orientaci\u00f3n 3. \u00d3RGANOS COLEGIADOS &nbsp; CONSEJO ESCOLAR DE LA COMUNIDAD EDUCATIVA Director Pedag\u00f3gico de FP D. Mariano Garrido Garc\u00eda Director Pedag\u00f3gico de ESO D. Te\u00f3filo Oreja Dom\u00ednguez Director Pedag\u00f3gico de EI y EP D. Juan [&hellip;]<\/p>\n","protected":false},"author":20,"featured_media":0,"parent":0,"menu_order":0,"comment_status":"open","ping_status":"open","template":"page-full.php","meta":{"ngg_post_thumbnail":0,"footnotes":""},"_links":{"self":[{"href":"https:\/\/salesianosatocha.es\/orientacion\/wp-json\/wp\/v2\/pages\/81"}],"collection":[{"href":"https:\/\/salesianosatocha.es\/orientacion\/wp-json\/wp\/v2\/pages"}],"about":[{"href":"https:\/\/salesianosatocha.es\/orientacion\/wp-json\/wp\/v2\/types\/page"}],"author":[{"embeddable":true,"href":"https:\/\/salesianosatocha.es\/orientacion\/wp-json\/wp\/v2\/users\/20"}],"replies":[{"embeddable":true,"href":"https:\/\/salesianosatocha.es\/orientacion\/wp-json\/wp\/v2\/comments?post=81"}],"version-history":[{"count":2,"href":"https:\/\/salesianosatocha.es\/orientacion\/wp-json\/wp\/v2\/pages\/81\/revisions"}],"predecessor-version":[{"id":325,"href":"https:\/\/salesianosatocha.es\/orientacion\/wp-json\/wp\/v2\/pages\/81\/revisions\/325"}],"wp:attachment":[{"href":"https:\/\/salesianosatocha.es\/orientacion\/wp-json\/wp\/v2\/media?parent=81"}],"curies":[{"name":"wp","href":"https:\/\/api.w.org\/{rel}","templated":true}]}}